{"id":5576,"date":"2025-06-11T10:57:33","date_gmt":"2025-06-11T08:57:33","guid":{"rendered":"https:\/\/www.swissrtec.ch\/privacy-policy\/"},"modified":"2025-07-04T13:50:37","modified_gmt":"2025-07-04T11:50:37","slug":"privacy-policy","status":"publish","type":"page","link":"https:\/\/www.swissrtec.ch\/de\/privacy-policy\/","title":{"rendered":"DATENSCHUTZERKL\u00c4RUNG"},"content":{"rendered":"","protected":false},"excerpt":{"rendered":"","protected":false},"author":1,"featured_media":0,"parent":0,"menu_order":0,"comment_status":"closed","ping_status":"closed","template":"","meta":{"_acf_changed":false,"inline_featured_image":false,"footnotes":""},"class_list":["post-5576","page","type-page","status-publish","hentry"],"acf":{"module":[{"acf_fc_layout":"zeile_2","beschriftung_backend":"","einstellungen":{"deactivate":false,"abstand_oben":35,"padding_oben":70,"padding_unten":70,"abstand_unten":35,"hintergrundfarbe":"","volle_breite":false},"mobile_reverse":false,"spalten":"1","spalte_1":{"inhalt":"text","text":"<h2>Datenschutzerkl\u00e4rung<\/h2>\r\n&nbsp;\r\n\r\nDiese <strong>Datenschutzerkl\u00e4rung <\/strong>gibt Auskunft dar\u00fcber, welche personenbezogenen Daten wir im Zusammenhang mit unseren <strong>Aktivit\u00e4ten und T\u00e4tigkeiten<\/strong>, einschliesslich <strong>unserer Website swissrtec.ch, <\/strong>bearbeiten. Insbesondere informieren wir dar\u00fcber, welche personenbezogenen Daten wir wie und wo bearbeiten. Wir informieren auch \u00fcber die Rechte von Personen, deren Daten wir bearbeiten.\r\n\r\nF\u00fcr einzelne oder zus\u00e4tzliche T\u00e4tigkeiten und Aktivit\u00e4ten k\u00f6nnen weitere Datenschutzerkl\u00e4rungen und andere rechtliche Dokumente wie Allgemeine Gesch\u00e4ftsbedingungen (AGB), Nutzungsbedingungen oder Teilnahmebedingungen gelten.\r\n\r\n&nbsp;\r\n\r\n<strong>1. KONTAKTADRESSEN<\/strong>\r\n\r\nVerantwortung f\u00fcr die Verarbeitung von personenbezogenen Daten:\r\n\r\n<strong>swissRTec AG<\/strong>\r\nMoosgrabenstr. 12\r\nCH-8595 Altnau\r\nSchweiz\r\n\r\ninfo@swissrtec.ch\r\n+41 71 686 80 40\r\n\r\nWir weisen darauf hin, wenn es im Einzelfall andere Verantwortliche f\u00fcr die Verarbeitung personenbezogener Daten gibt.\r\n\r\n&nbsp;\r\n\r\n<strong>2. BEGRIFFE UND RECHTSGRUNDLAGEN<\/strong>\r\n\r\n<strong>\u00a0<\/strong>\r\n\r\n<strong>2.1 BEZEICHNUNGEN<\/strong>\r\n\r\n<strong>Personenbezogene Daten <\/strong>sind <em>alle <\/em>Informationen, die sich auf eine identifizierte oder identifizierbare nat\u00fcrliche Person beziehen. Ein <strong>Datensubjekt <\/strong>ist eine Person, \u00fcber die wir personenbezogene Daten verarbeiten.\r\n\r\n<strong>Die Verarbeitung <\/strong>umfasst <em>jeden <\/em>Umgang mit personenbezogenen Daten, unabh\u00e4ngig von den verwendeten Mitteln und Verfahren, wie z. B. das Abfragen, den Abgleich, die Anpassung, die Archivierung, die Speicherung, das Auslesen, die Weitergabe, die Beschaffung, die Aufzeichnung, das Sammeln, die L\u00f6schung, die Weitergabe, die Anordnung, die Organisation, die Speicherung, die Ver\u00e4nderung, die Verbreitung, die Verkn\u00fcpfung, die Vernichtung und die Verwendung personenbezogener Daten.\r\n\r\n<strong>2.2 RECHTSGRUNDLAGE<\/strong>\r\n\r\nWir bearbeiten Personendaten im Einklang mit dem schweizerischen Datenschutzrecht, wie insbesondere dem <a href=\"https:\/\/www.fedlex.admin.ch\/eli\/oc\/2022\/491\/de\">Bundesgesetz \u00fcber den <\/a>Datenschutz (DSG) und der Datenschutzverordnung (DSGVO).\r\n\r\n&nbsp;\r\n\r\n<strong>3. ART, UMFANG UND ZWECK<\/strong>\r\n\r\nWir verarbeiten diejenigen personenbezogenen Daten<em>, die erforderlich sind<\/em>, um unsere T\u00e4tigkeiten und Abl\u00e4ufe dauerhaft, nutzerfreundlich, sicher und zuverl\u00e4ssig durchf\u00fchren zu k\u00f6nnen. Solche personenbezogenen Daten k\u00f6nnen insbesondere in die Kategorien Bestands- und Kontaktdaten, Browser- und Ger\u00e4tedaten, Inhaltsdaten, Meta- oder Randdaten und Nutzungsdaten, Standortdaten, Verkaufsdaten sowie Vertrags- und Zahlungsdaten fallen.\r\n\r\nWir verarbeiten personenbezogene Daten f\u00fcr den <em>Zeitraum<\/em>, der f\u00fcr den jeweiligen Zweck bzw. die jeweiligen Zwecke oder gesetzlich vorgeschrieben ist. Personenbezogene Daten, deren Verarbeitung nicht mehr erforderlich ist, werden anonymisiert oder gel\u00f6scht.\r\n\r\nWir k\u00f6nnen personenbezogene Daten <em>durch Dritte <\/em>verarbeiten lassen. Wir k\u00f6nnen personenbezogene Daten gemeinsam mit Dritten verarbeiten oder an Dritte weitergeben. Solche Dritte sind insbesondere spezialisierte Anbieter, deren Dienste wir in Anspruch nehmen. Wir stellen den Datenschutz auch f\u00fcr diese Dritten sicher.\r\n\r\nWir verarbeiten personenbezogene Daten nur mit Einwilligung der betroffenen Person, es sei denn, die Verarbeitung ist aus anderen rechtlichen Gr\u00fcnden zul\u00e4ssig. Eine Verarbeitung ohne Einwilligung kann z.B. zur Erf\u00fcllung eines Vertrages mit der betroffenen Person und f\u00fcr entsprechende vorvertragliche Ma\u00dfnahmen zul\u00e4ssig sein, um unsere berechtigten Interessen zu wahren, weil sich die Verarbeitung aus den Umst\u00e4nden ergibt oder nach vorheriger Information.\r\n\r\nIn diesem Zusammenhang verarbeiten wir insbesondere Informationen, die uns eine betroffene Person bei der Kontaktaufnahme - etwa per Post, E-Mail, Instant Messaging, Kontaktformular, Social Media oder Telefon - oder bei der Registrierung f\u00fcr ein Nutzerkonto <em>freiwillig <\/em>zur Verf\u00fcgung stellt. Solche Informationen k\u00f6nnen wir z.B. in einem Adressbuch oder mit vergleichbaren Tools speichern. Wenn wir Daten \u00fcber andere Personen \u00fcbermittelt bekommen, sind die \u00fcbermittelnden Personen verpflichtet, den Datenschutz gegen\u00fcber diesen Personen sowie die Richtigkeit dieser personenbezogenen Daten sicherzustellen.\r\n\r\nWir verarbeiten auch personenbezogene Daten, die wir von Dritten erhalten, die wir aus \u00f6ffentlich zug\u00e4nglichen Quellen beziehen oder die wir im Rahmen unserer T\u00e4tigkeit und unseres Betriebs erheben, wenn und soweit eine solche Verarbeitung aus rechtlichen Gr\u00fcnden zul\u00e4ssig ist.\r\n\r\n&nbsp;\r\n\r\n<strong>4. PERS\u00d6NLICHE DATEN IM AUSLAND<\/strong>\r\n\r\nWir bearbeiten Personendaten <em>grunds\u00e4tzlich <\/em>in der Schweiz. Wir k\u00f6nnen jedoch Personendaten auch in andere L\u00e4nder bekannt geben oder exportieren, insbesondere um sie dort zu bearbeiten oder bearbeiten zu lassen.\r\n\r\nWir k\u00f6nnen personenbezogene Daten in alle<a href=\"https:\/\/de.wikipedia.org\/wiki\/Liste_der_Staaten_der_Erde#Tabelle\"> Staaten und Territorien der Erde<\/a> und in andere L\u00e4nder des Universums \u00fcbermitteln, sofern das dortige Recht einen angemessenen Datenschutz gem\u00e4\u00df<a href=\"https:\/\/steigerlegal.ch\/2022\/09\/10\/ndsg-schweiz-staatenliste\/\"> dem Beschluss des Schweizer Bundesrates<\/a> gew\u00e4hrleistet.\r\n\r\nWir k\u00f6nnen personenbezogene Daten an L\u00e4nder weitergeben, deren Gesetze keinen angemessenen Datenschutz gew\u00e4hrleisten, sofern ein angemessener Datenschutz aus anderen Gr\u00fcnden gew\u00e4hrleistet ist. Ein angemessener Datenschutz kann z. B. durch entsprechende vertragliche Vereinbarungen, auf der Grundlage von Standard-Datenschutzklauseln oder durch andere geeignete Garantien sichergestellt werden. Ausnahmsweise k\u00f6nnen wir personenbezogene Daten in L\u00e4nder ohne angemessenen oder geeigneten Datenschutz exportieren, wenn die besonderen datenschutzrechtlichen Voraussetzungen erf\u00fcllt sind, z.B. die ausdr\u00fcckliche Einwilligung der Betroffenen oder ein unmittelbarer Zusammenhang mit dem Abschluss oder der Erf\u00fcllung eines Vertrages. \u00dcber etwaige Garantien geben wir den betroffenen Personen auf Anfrage gerne Auskunft oder stellen eine Kopie der Garantien zur Verf\u00fcgung.\r\n\r\n&nbsp;\r\n\r\n<strong>5. RECHTE DER BETROFFENEN PERSONEN<\/strong>\r\n\r\n<strong>\u00a0<\/strong>\r\n\r\n<strong>5.1 DATENSCHUTZRECHTE<\/strong>\r\n\r\nWir gew\u00e4hren den betroffenen Personen alle Rechte nach dem geltenden Datenschutzrecht. Insbesondere haben die betroffenen Personen die folgenden Rechte:\r\n<ul>\r\n \t<li><strong>Auskunft: <\/strong>Betroffene Personen k\u00f6nnen Auskunft dar\u00fcber verlangen, ob wir personenbezogene Daten \u00fcber sie verarbeiten und wenn ja, um welche personenbezogenen Daten es sich handelt. Betroffene Personen erhalten auch die Informationen, die zur Durchsetzung ihrer Datenschutzanspr\u00fcche und zur Gew\u00e4hrleistung der Transparenz erforderlich sind. Dazu geh\u00f6ren die verarbeiteten personenbezogenen Daten als solche, aber auch u.a. Informationen \u00fcber den Zweck der Verarbeitung, die Dauer der Speicherung, eine eventuelle Weitergabe oder Ausfuhr von Daten in andere L\u00e4nder und die Herkunft der personenbezogenen Daten.<\/li>\r\n \t<li><strong>Berichtigung und Einschr\u00e4nkung: <\/strong>Betroffene Personen k\u00f6nnen unrichtige personenbezogene Daten berichtigen, unvollst\u00e4ndige Daten vervollst\u00e4ndigen und die Verarbeitung ihrer Daten einschr\u00e4nken lassen.<\/li>\r\n \t<li><strong>L\u00f6schung und Widerspruch: <\/strong>Betroffene Personen k\u00f6nnen personenbezogene Daten l\u00f6schen lassen (\"Recht auf Vergessenwerden\") und der Verarbeitung ihrer Daten mit Wirkung f\u00fcr die Zukunft widersprechen.<\/li>\r\n \t<li><strong>Herausgabe und \u00dcbermittlung von Daten: <\/strong>Betroffene Personen k\u00f6nnen die Herausgabe personenbezogener Daten oder die \"\u00dcbermittlung ihrer Daten an einen anderen f\u00fcr die Verarbeitung Verantwortlichen\" verlangen.<\/li>\r\n<\/ul>\r\nWir k\u00f6nnen die Aus\u00fcbung der Rechte der betroffenen Personen aussetzen, einschr\u00e4nken oder verweigern, soweit dies gesetzlich zul\u00e4ssig ist. Wir k\u00f6nnen die betroffenen Personen \u00fcber alle Anforderungen informieren, die erf\u00fcllt werden m\u00fcssen, damit sie ihre Datenschutzrechte aus\u00fcben k\u00f6nnen. So k\u00f6nnen wir beispielsweise die Erteilung von Ausk\u00fcnften unter Berufung auf Gesch\u00e4ftsgeheimnisse oder den Schutz anderer Personen ganz oder teilweise verweigern. Wir k\u00f6nnen uns auch weigern, personenbezogene Daten ganz oder teilweise zu l\u00f6schen, indem wir uns auf gesetzliche Aufbewahrungspflichten berufen.\r\n\r\n<em>In Ausnahmef\u00e4llen <\/em>k\u00f6nnen wir Kosten f\u00fcr die Aus\u00fcbung von Rechten \u00fcbernehmen. Wir informieren die betroffenen Personen im Voraus \u00fcber allf\u00e4llige Kosten.\r\n\r\nWir sind verpflichtet, angemessene Ma\u00dfnahmen zu ergreifen, um betroffene Personen zu identifizieren, die Informationen anfordern oder andere Rechte geltend machen. Die betroffenen Personen sind zur Mitwirkung verpflichtet.\r\n\r\n<strong>5.2 RECHT AUF BESCHWERDE<\/strong>\r\n\r\nBetroffene Personen haben das Recht, ihre Datenschutzanspr\u00fcche auf dem Rechtsweg durchzusetzen oder eine Beschwerde bei einer zust\u00e4ndigen Datenschutzaufsichtsbeh\u00f6rde einzureichen\r\n\r\nDie Datenschutzaufsichtsbeh\u00f6rde f\u00fcr private Datenverwalter und Bundesorgane in der Schweiz ist der <a href=\"https:\/\/www.edoeb.admin.ch\/\">Eidgen\u00f6ssische Datenschutz- und \u00d6ffentlichkeitsbeauftragte <\/a>(ED\u00d6B).\r\n\r\n&nbsp;\r\n\r\n<strong>6. DATENSICHERHEIT<\/strong>\r\n\r\nWir treffen angemessene technische und organisatorische Ma\u00dfnahmen, um die Datensicherheit risikoad\u00e4quat zu gew\u00e4hrleisten. Eine absolute Datensicherheit k\u00f6nnen wir jedoch nicht garantieren.\r\n\r\nDer Zugriff auf unsere Website erfolgt mittels Transportverschl\u00fcsselung (SSL \/ TLS, insbesondere mit dem Hypertext Transfer Protocol Secure, abgek\u00fcrzt HTTPS). Die meisten Browser kennzeichnen die Transportverschl\u00fcsselung mit einem Vorh\u00e4ngeschloss in der Adressleiste.\r\n\r\nUnsere digitale Kommunikation unterliegt der anlasslosen und verdachtsunabh\u00e4ngigen Massen\u00fcberwachung und sonstigen Kontrolle durch Sicherheitsbeh\u00f6rden in der Schweiz, im \u00fcbrigen Europa, in den Vereinigten Staaten von Amerika (USA) und anderen L\u00e4ndern. Auf die entsprechende Bearbeitung von Personendaten durch Geheimdienste, Polizeibeh\u00f6rden und andere Sicherheitsbeh\u00f6rden k\u00f6nnen wir keinen direkten Einfluss nehmen.\r\n\r\n&nbsp;\r\n\r\n<strong>7. NUTZUNG DER WEBSITE<\/strong>\r\n\r\n<strong>\u00a0<\/strong>\r\n\r\n<strong>7.1 COOKIES<\/strong>\r\n\r\nWir k\u00f6nnen Cookies verwenden. Cookies - sowohl eigene Cookies (First-Party-Cookies) als auch Cookies von Dritten, deren Dienste wir nutzen (Third-Party-Cookies) - sind Daten, die im Browser gespeichert werden. Solche gespeicherten Daten m\u00fcssen nicht auf herk\u00f6mmliche Cookies in Textform beschr\u00e4nkt sein.\r\n\r\nCookies k\u00f6nnen als \"Session-Cookies\" vor\u00fcbergehend oder als so genannte permanente Cookies f\u00fcr eine bestimmte Zeit im Browser gespeichert werden. Session-Cookies werden automatisch gel\u00f6scht, wenn der Browser geschlossen wird. Permanente Cookies haben eine bestimmte Speicherdauer. Cookies erm\u00f6glichen es insbesondere, einen Browser beim n\u00e4chsten Besuch unserer Website wiederzuerkennen und so z.B. die Reichweite unserer Website zu messen. Permanente Cookies k\u00f6nnen z.B. auch f\u00fcr das Online-Marketing eingesetzt werden.\r\n\r\nCookies k\u00f6nnen in den Einstellungen des Browsers jederzeit ganz oder teilweise deaktiviert oder gel\u00f6scht werden. Ohne Cookies ist unsere Website m\u00f6glicherweise nicht mehr in vollem Umfang nutzbar. Wir bitten - zumindest wenn und soweit erforderlich - aktiv um die ausdr\u00fcckliche Zustimmung zur Verwendung von Cookies.\r\n\r\nF\u00fcr Cookies, die zur Leistungs- und Reichweitenmessung oder f\u00fcr Werbung verwendet werden, ist ein allgemeiner Widerspruch (\"Opt-out\") \u00fcber die<a href=\"https:\/\/youradchoices.ca\/\"> AdChoices<\/a> (Digital Advertising Alliance of Canada), die Network Advertising Initiative (NAI),<a href=\"https:\/\/optout.aboutads.info\/\"> YourAdChoices<\/a> (Digital Advertising Alliance) oder Your Online Choices (European Interactive Digital Advertising Alliance, EDAA) m\u00f6glich.\r\n\r\n<strong>7.2 SERVER-PROTOKOLLDATEIEN<\/strong>\r\n\r\nBei jedem Zugriff auf unsere Website k\u00f6nnen wir die folgenden Informationen erheben, sofern diese von Ihrem Browser an unsere Serverinfrastruktur \u00fcbermittelt werden oder von unserem Webserver ermittelt werden k\u00f6nnen: Datum und Uhrzeit einschlie\u00dflich Zeitzone, Internet-Protokoll-Adresse (IP-Adresse), Zugriffsstatus (HTTP-Statuscode), Betriebssystem einschlie\u00dflich Benutzeroberfl\u00e4che und Version, Browser einschlie\u00dflich Sprache und Version, einzelne aufgerufene Unterseiten unserer Website einschlie\u00dflich der \u00fcbertragenen Datenmenge, zuletzt aufgerufene Website im selben Browserfenster (Referrer).\r\n\r\nWir speichern diese Informationen auf unserer Serverinfrastruktur.\r\n\r\nWir speichern solche Informationen, die auch personenbezogene Daten darstellen k\u00f6nnen, in Server-Logfiles. Die Informationen sind notwendig, um unsere Website dauerhaft, benutzerfreundlich und zuverl\u00e4ssig bereitzustellen, sowie um die Datensicherheit und damit insbesondere den Schutz personenbezogener Daten - auch durch Dritte oder mit Hilfe Dritter - zu gew\u00e4hrleisten .\r\n\r\n<strong>7.3 Z\u00c4HLPIXEL<\/strong>\r\n\r\nWir k\u00f6nnen auf unserer Website ein Z\u00e4hlpixel verwenden. Z\u00e4hlpixel werden auch als Web-Beacons bezeichnet. Z\u00e4hlpixel - auch von Dritten, deren Dienste wir in Anspruch nehmen - sind kleine, meist nicht sichtbare Bilder, die automatisch abgerufen werden, wenn Sie unsere Website besuchen. Ein\u00a0 Z\u00e4hlpixel kann dieselben Informationen sammeln wie eine Server-Logdatei.\r\n\r\n&nbsp;\r\n\r\n<strong>8. SOZIALE MEDIEN<\/strong>\r\n\r\nWir sind auf Social-Media-Plattformen und anderen Online-Plattformen pr\u00e4sent, um mit interessierten Personen kommunizieren zu k\u00f6nnen sowie \u00fcber unsere Aktivit\u00e4ten und T\u00e4tigkeiten zu informieren. Im Zusammenhang mit solchen Plattformen k\u00f6nnen Personendaten auch ausserhalb der Schweiz bearbeitet werden.\r\n\r\nEs gelten jeweils auch die Allgemeinen Gesch\u00e4ftsbedingungen (AGB) und Nutzungsbedingungen sowie die Datenschutzerkl\u00e4rungen und sonstigen Bestimmungen der einzelnen Betreiber solcher Plattformen. Diese Bestimmungen informieren insbesondere \u00fcber die Rechte der Betroffenen direkt gegen\u00fcber der jeweiligen Plattform, wozu beispielsweise das Recht auf Auskunft geh\u00f6rt.\r\n\r\n&nbsp;\r\n\r\n<strong>9. DIENSTLEISTUNGEN DRITTER<\/strong>\r\n\r\nWir nehmen Dienste von spezialisierten Dritten in Anspruch, um unsere Aktivit\u00e4ten und Operationen dauerhaft, benutzerfreundlich, sicher und zuverl\u00e4ssig durchf\u00fchren zu k\u00f6nnen. Mit solchen Diensten k\u00f6nnen wir u.a. Funktionen und Inhalte in unsere Website einbetten. Im Falle einer solchen Einbettung zeichnen die genutzten Dienste aus technisch zwingenden Gr\u00fcnden die Internetprotokoll (IP)-Adressen der Nutzer zumindest vor\u00fcbergehend auf.\r\n\r\nF\u00fcr notwendige sicherheitsrelevante, statistische und technische Zwecke k\u00f6nnen Dritte, deren Dienste wir in Anspruch nehmen, Daten im Zusammenhang mit unseren Aktivit\u00e4ten und Operationen in aggregierter, anonymisierter oder pseudonymisierter Form verarbeiten. Dies sind z.B. Leistungs- oder Nutzungsdaten, um den jeweiligen Dienst anbieten zu k\u00f6nnen.\r\n\r\nWir verwenden vor allem:\r\n<ul>\r\n \t<li><a href=\"https:\/\/about.google\/products\/\"><strong>Dienstleistungen von Google:<\/strong><\/a> Anbieter: Google LLC (USA) \/ Google Ireland Limited (Irland) f\u00fcr Nutzer aus dem Europ\u00e4ischen Wirtschaftsraum (EWR) und der Schweiz; Allgemeine Informationen zum Datenschutz: <a href=\"https:\/\/safety.google\/intl\/de\/principles\/\">\"Datenschutz- und Sicherheitsrichtlinien\"<\/a>, Datenschutzerkl\u00e4rung, <a href=\"https:\/\/privacy.google.com\/intl\/de\/businesses\/compliance\/\">\"Google verpflichtet sich zur Einhaltung der geltenden Datenschutzgesetze \"<\/a>, <a href=\"https:\/\/policies.google.com\/technologies\/product-privacy?%20hl=en\">\"Datenschutzleitfaden in Google-Produkten\"<\/a>, <a href=\"https:\/\/policies.google.com\/technologies\/partner-sites?hl=de\">\"Wie wir Daten von Websites oder Apps verwenden, auf oder in denen unsere Dienste genutzt werden\" (bereitgestellt von Google)<\/a>, \"Von Google verwendete Cookie-Typen und andere Technologien\", <a href=\"https:\/\/adssettings.google.com\/\">\"Personalisierte Werbung\" (Aktivierung\/Deaktivierung\/Einstellungen)<\/a>.<\/li>\r\n<\/ul>\r\n<strong>9.1 DIGITALE INFRASTRUKTUR<\/strong>\r\n\r\nWir nutzen Dienstleistungen von spezialisierten Dritten, um die erforderliche digitale Infrastruktur im Zusammenhang mit unseren Aktivit\u00e4ten und Operationen nutzen zu k\u00f6nnen. Dazu geh\u00f6ren z. B. Hosting- und Speicherdienste von ausgew\u00e4hlten Anbietern.\r\n\r\nWir verwenden vor allem:\r\n<ul>\r\n \t<li><a href=\"https:\/\/www.cyon.ch\/\"><strong>Cyon: <\/strong><\/a>Hosting; Anbieter: cyon GmbH (Schweiz); Datenschutzhinweise: \"Datenschutz\", <a href=\"https:\/\/www.cyon.ch\/legal\/datenschutzerklaerung\">Erkl\u00e4rung zum Datenschutz<\/a>.<\/li>\r\n<\/ul>\r\n<strong>9.2 DIGITALE AUDIO- UND VIDEOINHALTE<\/strong>\r\n\r\nWir nutzen Dienste von spezialisierten Drittanbietern, um die direkte Wiedergabe von digitalen Audio- und Videoinhalten wie Musik oder Podcasts zu erm\u00f6glichen.\r\n\r\nWir verwenden speziell:\r\n<ul>\r\n \t<li><a href=\"https:\/\/vimeo.com\/en\/\"><strong>Vimeo: <\/strong><\/a>Videoplattform; Anbieter: Vimeo Inc. (USA); Informationen zum Datenschutz: privacy statement<a href=\"https:\/\/vimeo.com\/de\/features\/video-privacy\"> , \"privacy\"<\/a>.<\/li>\r\n<\/ul>\r\n<strong>9.3 WERBUNG<\/strong>\r\n\r\nWir nutzen die M\u00f6glichkeit, gezielte <strong>Werbung f\u00fcr unsere Aktivit\u00e4ten und T\u00e4tigkeiten <\/strong>auf Drittanbietern wie Social-Media-Plattformen und Suchmaschinen anzuzeigen.\r\n\r\nWir wollen mit dieser Werbung insbesondere Personen erreichen, die sich bereits f\u00fcr unsere Aktivit\u00e4ten und T\u00e4tigkeiten interessieren oder interessieren k\u00f6nnten (<strong>Remarketing <\/strong>und <strong>Targeting<\/strong>). Zu diesem Zweck k\u00f6nnen wir relevante personenbezogene Daten an Dritte weitergeben, die eine solche Werbung erm\u00f6glichen. Wir k\u00f6nnen auch feststellen, ob unsere Werbung erfolgreich ist, d. h. insbesondere, ob sie zu Besuchen auf unserer Website f\u00fchrt <strong>(Conversion Tracking)<\/strong>.\r\n\r\nDritte, bei denen wir werben und bei denen Sie als Nutzer registriert sind, k\u00f6nnen dort die Nutzung unseres Online-Angebots Ihrem Profil zuordnen.\r\n\r\nWir verwenden vor allem:\r\n<ul>\r\n \t<li><a href=\"https:\/\/www.facebook.com\/business\/ads\"><strong>Facebook-Werbung (Facebook Ads): <\/strong><\/a>Social Media Advertising; Anbieter: Meta Platforms Ireland Limited (Irland) und<a href=\"https:\/\/www.facebook.com\/help\/111814505650678\"> andere Meta-Unternehmen<\/a> (auch in den USA); Datenschutzhinweise: Remarketing und Targeting insbesondere mit dem <strong>Facebook Pixel <\/strong>sowie <strong>Custom Audiences <\/strong>einschlie\u00dflich <strong>Lookalike Audiences<\/strong>, Datenschutzerkl\u00e4rung<a href=\"https:\/\/www.facebook.com\/ads\/preferences\"> , \"Werbeeinstellungen\" <\/a>(Nutzeranmeldung erforderlich).<\/li>\r\n \t<li><a href=\"https:\/\/business.linkedin.com\/marketing-solutions\/ads\"><strong>LinkedIn-Anzeigen: <\/strong><\/a>Social Media Advertising; Anbieter: LinkedIn Corporation (USA) \/ LinkedIn Ireland Unlimited Company (Irland); Datenschutzhinweise: Remarketing und Targeting insbesondere mit dem <strong>LinkedIn Insight Tag<\/strong>, <a href=\"https:\/\/privacy.linkedin.com\">\"Datenschutz\"<\/a>, Datenschutzerkl\u00e4rung ,<a href=\"https:\/\/www.linkedin.com\/legal\/cookie-policy\"> Cookie-Richtlinie ,<\/a> gegen personalisierte Werbung .<\/li>\r\n<\/ul>\r\n&nbsp;\r\n\r\n<strong>10. ERFOLGS-UND-REICHWEITEN-MESSUNG<\/strong>\r\n\r\nWir nutzen Dienste und Programme, um zu ermitteln, wie unser Online-Angebot genutzt wird. In diesem Zusammenhang k\u00f6nnen wir z.B. den Erfolg und die Reichweite unserer Aktivit\u00e4ten und Ma\u00dfnahmen sowie die Wirkung von Links Dritter auf unsere Website messen. Wir k\u00f6nnen aber auch z.B. testen und vergleichen, wie verschiedene Versionen unseres Online-Angebots oder Teile davon genutzt werden (A\/B-Test\"-Methode). Anhand der Ergebnisse der Performance- und Reichweitenmessung k\u00f6nnen wir insbesondere Fehler korrigieren, beliebte Inhalte st\u00e4rken oder Verbesserungen an unserem Online-Angebot vornehmen.\r\n\r\nBei der Nutzung von Diensten und Programmen zur Leistungs- und Reichweitenmessung m\u00fcssen die Internet-Protokoll-Adressen (IP-Adressen) der einzelnen Nutzer gespeichert werden. IP-Adressen werden <em>grunds\u00e4tzlich <\/em>gek\u00fcrzt (\"IP-Masking\"), um durch entsprechende Pseudonymisierung dem Grundsatz der Datensparsamkeit zu folgen und damit den Datenschutz der Nutzer zu verbessern.\r\n\r\nBei der Nutzung von Diensten und Programmen zur Leistungs- und Reichweitenmessung k\u00f6nnen Cookies eingesetzt und Nutzerprofile erstellt werden. Zu den Nutzungsprofilen geh\u00f6ren z.B. die besuchten Seiten oder Inhalte unserer Website, Informationen \u00fcber die Gr\u00f6\u00dfe des Bildschirms oder des Browserfensters und der - zumindest ungef\u00e4hre - Standort. <em>Grunds\u00e4tzlich <\/em>werden Nutzungsprofile ausschlie\u00dflich pseudonymisiert erstellt. Wir verwenden die Nutzungsprofile nicht zur Identifizierung einzelner Nutzer. Einzelne Dienste Dritter, bei denen Nutzer registriert sind, k\u00f6nnen die Nutzung unseres Onlineangebotes allenfalls dem Nutzerkonto bzw. Nutzerprofil bei dem jeweiligen Dienst zuordnen.\r\n\r\nWir verwenden vor allem:\r\n<ul>\r\n \t<li><a href=\"https:\/\/analytics.google.com\/\"><strong>Google Analytics: <\/strong><\/a>Erfolgs- und Reichweitenmessung; Anbieter: Google; Google Analytics-spezifische Informationen: Messung auch \u00fcber verschiedene Browser und Ger\u00e4te hinweg <strong>(Cross-Device-Tracking) <\/strong>sowie mit pseudonymisierten Internet-Protokoll (IP)-Adressen, die nur <em>ausnahmsweise <\/em>vollst\u00e4ndig an Google in den USA \u00fcbertragen werden, \"Datenschutz\", <a href=\"https:\/\/tools.google.com\/dlpage\/gaoptout\">\"Browser-Add-on zur Deaktivierung von Google Analytics\"<\/a>.<\/li>\r\n \t<li><a href=\"https:\/\/marketingplatform.google.com\/about\/tag-manager\/\"><strong>Google Tag Manager: <\/strong><\/a>Integration und Verwaltung von anderen Diensten zur Leistungs- und Reichweitenmessung sowie anderen Diensten von Google sowie Dritten; Anbieter: Google; Google Tag Manager-spezifische Informationen: \"Mit Google Tag Manager erfasste Daten\"; weitere Informationen zum Datenschutz finden Sie bei den einzelnen integrierten und verwalteten Diensten.<\/li>\r\n \t<li><a href=\"https:\/\/www.hotjar.com\/\"><strong>Hotjar: <\/strong><\/a>Aufzeichnung des Nutzerverhaltens; Anbieter: Hotjar Ltd. (Malta); Datenschutzinformationen: Aufzeichnung ohne Bezug zu einzelnen Website-Besuchern, z. B. in Bezug auf Bewegungen und Klicks mit einer Maus oder mit einem anderen Eingabeger\u00e4t, \"Your Privacy &amp; Hotjar\"), Datenschutzerkl\u00e4rung ,<a href=\"https:\/\/help.hotjar.com\/hc\/articles\/115011789248-Hotjar-Cookies\"> Cookie-Richtlinie ,<\/a> Widerspruch gegen die Erfassung durch Hotjar (\"Do Not Track: Do you want to tell Hotjar not to collect your data?\") .<\/li>\r\n<\/ul>\r\n&nbsp;\r\n\r\n<strong>11. SCHLUSSBESTIMMUNGEN<\/strong>\r\n\r\nWir k\u00f6nnen diese Datenschutzerkl\u00e4rung jederzeit \u00e4ndern und erg\u00e4nzen. \u00dcber solche Anpassungen und Erg\u00e4nzungen werden wir Sie in geeigneter Weise informieren, insbesondere durch Ver\u00f6ffentlichung der aktuellen Datenschutzerkl\u00e4rung auf unserer Website.\r\n\r\n<em>Diese Datenschutzerkl\u00e4rung wurde maschinell aus der englischen Version \u00fcbersetzt<\/em>","textausrichtung":"justify-content-start","bild":null,"bildbeschriftung":"","bildgrose":false,"bildlink":null},"spalte_2":{"inhalt":false,"text":"","textausrichtung":false,"bild":null,"bildbeschriftung":"","bildgrose":false,"bildlink":null},"spalte_3":{"inhalt":false,"text":"","textausrichtung":false,"bild":null,"bildbeschriftung":"","bildgrose":false,"bildlink":null}}]},"yoast_head":"<!-- This site is optimized with the Yoast SEO plugin v25.3.1 - https:\/\/yoast.com\/wordpress\/plugins\/seo\/ -->\n<title>DATENSCHUTZERKL\u00c4RUNG - swissRTec AG<\/title>\n<meta name=\"description\" content=\"Hier finden Sie alle Informationen zum Datenschutz bei SWISSRTEC AG.\" \/>\n<meta name=\"robots\" content=\"index, follow, max-snippet:-1, max-image-preview:large, max-video-preview:-1\" \/>\n<link rel=\"canonical\" href=\"https:\/\/www.swissrtec.ch\/de\/privacy-policy\/\" \/>\n<meta property=\"og:locale\" content=\"de_DE\" \/>\n<meta property=\"og:type\" content=\"article\" \/>\n<meta property=\"og:title\" content=\"DATENSCHUTZERKL\u00c4RUNG - swissRTec AG\" \/>\n<meta property=\"og:description\" content=\"Hier finden Sie alle Informationen zum Datenschutz bei SWISSRTEC AG.\" \/>\n<meta property=\"og:url\" content=\"https:\/\/www.swissrtec.ch\/de\/privacy-policy\/\" \/>\n<meta property=\"og:site_name\" content=\"swissRTec AG\" \/>\n<meta property=\"article:modified_time\" content=\"2025-07-04T11:50:37+00:00\" \/>\n<meta name=\"twitter:card\" content=\"summary_large_image\" \/>\n<script type=\"application\/ld+json\" class=\"yoast-schema-graph\">{\"@context\":\"https:\/\/schema.org\",\"@graph\":[{\"@type\":\"WebPage\",\"@id\":\"https:\/\/www.swissrtec.ch\/de\/privacy-policy\/\",\"url\":\"https:\/\/www.swissrtec.ch\/de\/privacy-policy\/\",\"name\":\"DATENSCHUTZERKL\u00c4RUNG - swissRTec AG\",\"isPartOf\":{\"@id\":\"https:\/\/www.swissrtec.ch\/#website\"},\"datePublished\":\"2025-06-11T08:57:33+00:00\",\"dateModified\":\"2025-07-04T11:50:37+00:00\",\"description\":\"Hier finden Sie alle Informationen zum Datenschutz bei SWISSRTEC AG.\",\"breadcrumb\":{\"@id\":\"https:\/\/www.swissrtec.ch\/de\/privacy-policy\/#breadcrumb\"},\"inLanguage\":\"de\",\"potentialAction\":[{\"@type\":\"ReadAction\",\"target\":[\"https:\/\/www.swissrtec.ch\/de\/privacy-policy\/\"]}]},{\"@type\":\"BreadcrumbList\",\"@id\":\"https:\/\/www.swissrtec.ch\/de\/privacy-policy\/#breadcrumb\",\"itemListElement\":[{\"@type\":\"ListItem\",\"position\":1,\"name\":\"Home\",\"item\":\"https:\/\/www.swissrtec.ch\/de\/\"},{\"@type\":\"ListItem\",\"position\":2,\"name\":\"DATENSCHUTZERKL\u00c4RUNG\"}]},{\"@type\":\"WebSite\",\"@id\":\"https:\/\/www.swissrtec.ch\/#website\",\"url\":\"https:\/\/www.swissrtec.ch\/\",\"name\":\"swissRTec\",\"description\":\"\",\"publisher\":{\"@id\":\"https:\/\/www.swissrtec.ch\/#organization\"},\"potentialAction\":[{\"@type\":\"SearchAction\",\"target\":{\"@type\":\"EntryPoint\",\"urlTemplate\":\"https:\/\/www.swissrtec.ch\/?s={search_term_string}\"},\"query-input\":{\"@type\":\"PropertyValueSpecification\",\"valueRequired\":true,\"valueName\":\"search_term_string\"}}],\"inLanguage\":\"de\"},{\"@type\":\"Organization\",\"@id\":\"https:\/\/www.swissrtec.ch\/#organization\",\"name\":\"swissRTec AG\",\"url\":\"https:\/\/www.swissrtec.ch\/\",\"logo\":{\"@type\":\"ImageObject\",\"inLanguage\":\"de\",\"@id\":\"https:\/\/www.swissrtec.ch\/#\/schema\/logo\/image\/\",\"url\":\"https:\/\/www.swissrtec.ch\/wp-content\/uploads\/2025\/03\/swissrtec-logo.svg\",\"contentUrl\":\"https:\/\/www.swissrtec.ch\/wp-content\/uploads\/2025\/03\/swissrtec-logo.svg\",\"width\":1,\"height\":1,\"caption\":\"swissRTec AG\"},\"image\":{\"@id\":\"https:\/\/www.swissrtec.ch\/#\/schema\/logo\/image\/\"}}]}<\/script>\n<!-- \/ Yoast SEO plugin. -->","yoast_head_json":{"title":"DATENSCHUTZERKL\u00c4RUNG - swissRTec AG","description":"Hier finden Sie alle Informationen zum Datenschutz bei SWISSRTEC AG.","robots":{"index":"index","follow":"follow","max-snippet":"max-snippet:-1","max-image-preview":"max-image-preview:large","max-video-preview":"max-video-preview:-1"},"canonical":"https:\/\/www.swissrtec.ch\/de\/privacy-policy\/","og_locale":"de_DE","og_type":"article","og_title":"DATENSCHUTZERKL\u00c4RUNG - swissRTec AG","og_description":"Hier finden Sie alle Informationen zum Datenschutz bei SWISSRTEC AG.","og_url":"https:\/\/www.swissrtec.ch\/de\/privacy-policy\/","og_site_name":"swissRTec AG","article_modified_time":"2025-07-04T11:50:37+00:00","twitter_card":"summary_large_image","schema":{"@context":"https:\/\/schema.org","@graph":[{"@type":"WebPage","@id":"https:\/\/www.swissrtec.ch\/de\/privacy-policy\/","url":"https:\/\/www.swissrtec.ch\/de\/privacy-policy\/","name":"DATENSCHUTZERKL\u00c4RUNG - swissRTec AG","isPartOf":{"@id":"https:\/\/www.swissrtec.ch\/#website"},"datePublished":"2025-06-11T08:57:33+00:00","dateModified":"2025-07-04T11:50:37+00:00","description":"Hier finden Sie alle Informationen zum Datenschutz bei SWISSRTEC AG.","breadcrumb":{"@id":"https:\/\/www.swissrtec.ch\/de\/privacy-policy\/#breadcrumb"},"inLanguage":"de","potentialAction":[{"@type":"ReadAction","target":["https:\/\/www.swissrtec.ch\/de\/privacy-policy\/"]}]},{"@type":"BreadcrumbList","@id":"https:\/\/www.swissrtec.ch\/de\/privacy-policy\/#breadcrumb","itemListElement":[{"@type":"ListItem","position":1,"name":"Home","item":"https:\/\/www.swissrtec.ch\/de\/"},{"@type":"ListItem","position":2,"name":"DATENSCHUTZERKL\u00c4RUNG"}]},{"@type":"WebSite","@id":"https:\/\/www.swissrtec.ch\/#website","url":"https:\/\/www.swissrtec.ch\/","name":"swissRTec","description":"","publisher":{"@id":"https:\/\/www.swissrtec.ch\/#organization"},"potentialAction":[{"@type":"SearchAction","target":{"@type":"EntryPoint","urlTemplate":"https:\/\/www.swissrtec.ch\/?s={search_term_string}"},"query-input":{"@type":"PropertyValueSpecification","valueRequired":true,"valueName":"search_term_string"}}],"inLanguage":"de"},{"@type":"Organization","@id":"https:\/\/www.swissrtec.ch\/#organization","name":"swissRTec AG","url":"https:\/\/www.swissrtec.ch\/","logo":{"@type":"ImageObject","inLanguage":"de","@id":"https:\/\/www.swissrtec.ch\/#\/schema\/logo\/image\/","url":"https:\/\/www.swissrtec.ch\/wp-content\/uploads\/2025\/03\/swissrtec-logo.svg","contentUrl":"https:\/\/www.swissrtec.ch\/wp-content\/uploads\/2025\/03\/swissrtec-logo.svg","width":1,"height":1,"caption":"swissRTec AG"},"image":{"@id":"https:\/\/www.swissrtec.ch\/#\/schema\/logo\/image\/"}}]}},"_links":{"self":[{"href":"https:\/\/www.swissrtec.ch\/de\/wp-json\/wp\/v2\/pages\/5576","targetHints":{"allow":["GET"]}}],"collection":[{"href":"https:\/\/www.swissrtec.ch\/de\/wp-json\/wp\/v2\/pages"}],"about":[{"href":"https:\/\/www.swissrtec.ch\/de\/wp-json\/wp\/v2\/types\/page"}],"author":[{"embeddable":true,"href":"https:\/\/www.swissrtec.ch\/de\/wp-json\/wp\/v2\/users\/1"}],"replies":[{"embeddable":true,"href":"https:\/\/www.swissrtec.ch\/de\/wp-json\/wp\/v2\/comments?post=5576"}],"version-history":[{"count":7,"href":"https:\/\/www.swissrtec.ch\/de\/wp-json\/wp\/v2\/pages\/5576\/revisions"}],"predecessor-version":[{"id":5588,"href":"https:\/\/www.swissrtec.ch\/de\/wp-json\/wp\/v2\/pages\/5576\/revisions\/5588"}],"wp:attachment":[{"href":"https:\/\/www.swissrtec.ch\/de\/wp-json\/wp\/v2\/media?parent=5576"}],"curies":[{"name":"wp","href":"https:\/\/api.w.org\/{rel}","templated":true}]}}